{"id":3246,"date":"2023-11-23T10:57:12","date_gmt":"2023-11-23T09:57:12","guid":{"rendered":"https:\/\/bailaluna.nl\/?post_type=product&#038;p=3246"},"modified":"2025-07-30T13:45:02","modified_gmt":"2025-07-30T11:45:02","slug":"golden-elemental-collar","status":"publish","type":"product","link":"https:\/\/bailaluna.nl\/fr\/shop\/kraag\/golden-elemental-collar\/","title":{"rendered":"Collier \u00c9l\u00e9mentaire Dor\u00e9"},"content":{"rendered":"<p>Enrichissez votre style avec l&#039;allure intemporelle de notre col \u00ab Golden Elemental \u00bb. Ce chef-d&#039;\u0153uvre combine la splendeur de l&#039;or avec la puissance \u00e9l\u00e9mentaire de la nature. Les \u00e9l\u00e9ments de design organiques et l&#039;or \u00e9clatant cr\u00e9ent un accessoire intemporel qui propulse votre style vers de nouveaux sommets. Portez le \u00ab Golden Elemental Collar \u00bb et brillez comme un symbole de splendeur naturelle et de sophistication, ajoutant une touche de beaut\u00e9 opulente \u00e0 votre look, parfait pour les occasions sp\u00e9ciales et ceux qui embrassent le pouvoir de la nature.<\/p>\n<ul>\n<li class=\"p1\"><span class=\"s1\">Fait main<\/span><\/li>\n<li class=\"p1\"><span class=\"s1\">La fermeture peut se faire au niveau du cou ou \u00e0 l&#039;arri\u00e8re du cou <\/span><span class=\"s1\">se faire porter<\/span><\/li>\n<li class=\"p1\"><span class=\"s1\">Tissu translucide respirant<\/span><\/li>\n<li>D\u00e9tail des perles<\/li>\n<li class=\"p1\"><span class=\"s1\">Engrener<\/span><\/li>\n<li class=\"p1\"><span class=\"s1\">Des billes de verre<\/span><\/li>\n<li>Perles de verre aspect perle<\/li>\n<\/ul>","protected":false},"excerpt":{"rendered":"<p>Sublimez votre style avec l&#039;allure intemporelle de notre collier \u00ab\u00a0Golden Elemental\u00a0\u00bb. Ce chef-d&#039;\u0153uvre allie la beaut\u00e9 de l&#039;or \u00e0 la puissance \u00e9l\u00e9mentaire de la nature.<\/p>","protected":false},"featured_media":3275,"template":"","meta":[],"product_brand":[],"product_cat":[15],"product_tag":[],"class_list":{"0":"post-3246","1":"product","2":"type-product","3":"status-publish","4":"has-post-thumbnail","6":"product_cat-kraag","8":"first","9":"instock","10":"taxable","11":"shipping-taxable","12":"purchasable","13":"product-type-simple"},"_links":{"self":[{"href":"https:\/\/bailaluna.nl\/fr\/wp-json\/wp\/v2\/product\/3246","targetHints":{"allow":["GET"]}}],"collection":[{"href":"https:\/\/bailaluna.nl\/fr\/wp-json\/wp\/v2\/product"}],"about":[{"href":"https:\/\/bailaluna.nl\/fr\/wp-json\/wp\/v2\/types\/product"}],"wp:featuredmedia":[{"embeddable":true,"href":"https:\/\/bailaluna.nl\/fr\/wp-json\/wp\/v2\/media\/3275"}],"wp:attachment":[{"href":"https:\/\/bailaluna.nl\/fr\/wp-json\/wp\/v2\/media?parent=3246"}],"wp:term":[{"taxonomy":"product_brand","embeddable":true,"href":"https:\/\/bailaluna.nl\/fr\/wp-json\/wp\/v2\/product_brand?post=3246"},{"taxonomy":"product_cat","embeddable":true,"href":"https:\/\/bailaluna.nl\/fr\/wp-json\/wp\/v2\/product_cat?post=3246"},{"taxonomy":"product_tag","embeddable":true,"href":"https:\/\/bailaluna.nl\/fr\/wp-json\/wp\/v2\/product_tag?post=3246"}],"curies":[{"name":"wp","href":"https:\/\/api.w.org\/{rel}","templated":true}]}}